{"id":10020,"date":"2022-01-24T16:30:23","date_gmt":"2022-01-24T15:30:23","guid":{"rendered":"https:\/\/www.matildevicenzi.com\/de\/?post_type=matilde-mag&#038;p=10020"},"modified":"2022-01-24T16:30:25","modified_gmt":"2022-01-24T15:30:25","slug":"matilde-vicenzi-auf-der-ism-cologne-kommen-sie-uns-besuchen","status":"publish","type":"matilde-mag","link":"https:\/\/www.matildevicenzi.com\/de\/matilde-mag\/matilde-vicenzi-auf-der-ism-cologne-kommen-sie-uns-besuchen\/","title":{"rendered":"Matilde Vicenzi auf der ISM Cologne: Kommen Sie uns besuchen"},"content":{"rendered":"\n<p>Es ist Messesaison!<br>Die erste Veranstaltung im neuen Jahr ist die ISM, die weltweit gr\u00f6\u00dfte Messe f\u00fcr S\u00fc\u00dfwaren und Snacks in K\u00f6ln (Deutschland). Die ISM ist nicht nur eine einmalige Chance f\u00fcr den Ausbau beruflicher Netzwerke und die Intensivierung von Gesch\u00e4ftsbeziehungen, sondern bietet nach langer Zeit auch die erste Gelegenheit f\u00fcr pers\u00f6nliche Begegnungen. Die ISM deckt die gesamte industrielle Wertsch\u00f6pfungskette ab und macht K\u00f6ln f\u00fcr ein paar Tage zum Hotspot der Branche.<strong>Die Teilnahme von Matilde Vicenzi bekr\u00e4ftigt unsere Marke als eine der wichtigsten italienischen Marken des Sektors.<\/strong> Merken Sie sich den Termin vor und besuchen Sie uns vom 30. Januar bis 2. Februar: <em>Halle 10.2 \u2013 Stand B.028<\/em><\/p>\n","protected":false},"excerpt":{"rendered":"<p>Es ist Messesaison!Die erste Veranstaltung im neuen Jahr ist die ISM, die weltweit gr\u00f6\u00dfte Messe f\u00fcr S\u00fc\u00dfwaren und Snacks in K\u00f6ln (Deutschland). Die ISM ist nicht nur eine einmalige Chance f\u00fcr den Ausbau beruflicher Netzwerke und die Intensivierung von Gesch\u00e4ftsbeziehungen, sondern bietet nach langer Zeit auch die erste Gelegenheit f\u00fcr pers\u00f6nliche Begegnungen. Die ISM deckt [&hellip;]<\/p>\n","protected":false},"featured_media":10021,"template":"","meta":{"_acf_changed":false,"inline_featured_image":false,"footnotes":""},"categoria_mag":[8],"class_list":["post-10020","matilde-mag","type-matilde-mag","status-publish","has-post-thumbnail","hentry","categoria_mag-nachrichten-und-events"],"acf":[],"yoast_head":"<!-- This site is optimized with the Yoast SEO plugin v26.2 - https:\/\/yoast.com\/wordpress\/plugins\/seo\/ -->\n<title>Matilde Vicenzi auf der ISM Cologne: Kommen Sie uns besuchen | Matilde Vicenzi S.p.A.<\/title>\n<meta name=\"robots\" content=\"index, follow, max-snippet:-1, max-image-preview:large, max-video-preview:-1\" \/>\n<link rel=\"canonical\" href=\"https:\/\/www.matildevicenzi.com\/de\/matilde-mag\/matilde-vicenzi-auf-der-ism-cologne-kommen-sie-uns-besuchen\/\" \/>\n<meta property=\"og:locale\" content=\"en_US\" \/>\n<meta property=\"og:type\" content=\"article\" \/>\n<meta property=\"og:title\" content=\"Matilde Vicenzi auf der ISM Cologne: Kommen Sie uns besuchen | Matilde Vicenzi S.p.A.\" \/>\n<meta property=\"og:description\" content=\"Es ist Messesaison!Die erste Veranstaltung im neuen Jahr ist die ISM, die weltweit gr\u00f6\u00dfte Messe f\u00fcr S\u00fc\u00dfwaren und Snacks in K\u00f6ln (Deutschland). Die ISM ist nicht nur eine einmalige Chance f\u00fcr den Ausbau beruflicher Netzwerke und die Intensivierung von Gesch\u00e4ftsbeziehungen, sondern bietet nach langer Zeit auch die erste Gelegenheit f\u00fcr pers\u00f6nliche Begegnungen. Die ISM deckt [&hellip;]\" \/>\n<meta property=\"og:url\" content=\"https:\/\/www.matildevicenzi.com\/de\/matilde-mag\/matilde-vicenzi-auf-der-ism-cologne-kommen-sie-uns-besuchen\/\" \/>\n<meta property=\"og:site_name\" content=\"Matilde Vicenzi S.p.A.\" \/>\n<meta property=\"article:modified_time\" content=\"2022-01-24T15:30:25+00:00\" \/>\n<meta property=\"og:image\" content=\"https:\/\/www.matildevicenzi.com\/de\/wp-content\/uploads\/sites\/2\/2022\/01\/matildevicenzi.jpg\" \/>\n\t<meta property=\"og:image:width\" content=\"700\" \/>\n\t<meta property=\"og:image:height\" content=\"441\" \/>\n\t<meta property=\"og:image:type\" content=\"image\/jpeg\" \/>\n<meta name=\"twitter:card\" content=\"summary_large_image\" \/>\n<meta name=\"twitter:label1\" content=\"Est. reading time\" \/>\n\t<meta name=\"twitter:data1\" content=\"1 minute\" \/>\n<script type=\"application\/ld+json\" class=\"yoast-schema-graph\">{\"@context\":\"https:\/\/schema.org\",\"@graph\":[{\"@type\":\"WebPage\",\"@id\":\"https:\/\/www.matildevicenzi.com\/de\/matilde-mag\/matilde-vicenzi-auf-der-ism-cologne-kommen-sie-uns-besuchen\/\",\"url\":\"https:\/\/www.matildevicenzi.com\/de\/matilde-mag\/matilde-vicenzi-auf-der-ism-cologne-kommen-sie-uns-besuchen\/\",\"name\":\"Matilde Vicenzi auf der ISM Cologne: Kommen Sie uns besuchen | Matilde Vicenzi S.p.A.\",\"isPartOf\":{\"@id\":\"https:\/\/www.matildevicenzi.com\/de\/#website\"},\"primaryImageOfPage\":{\"@id\":\"https:\/\/www.matildevicenzi.com\/de\/matilde-mag\/matilde-vicenzi-auf-der-ism-cologne-kommen-sie-uns-besuchen\/#primaryimage\"},\"image\":{\"@id\":\"https:\/\/www.matildevicenzi.com\/de\/matilde-mag\/matilde-vicenzi-auf-der-ism-cologne-kommen-sie-uns-besuchen\/#primaryimage\"},\"thumbnailUrl\":\"https:\/\/www.matildevicenzi.com\/de\/wp-content\/uploads\/sites\/2\/2022\/01\/matildevicenzi.jpg\",\"datePublished\":\"2022-01-24T15:30:23+00:00\",\"dateModified\":\"2022-01-24T15:30:25+00:00\",\"breadcrumb\":{\"@id\":\"https:\/\/www.matildevicenzi.com\/de\/matilde-mag\/matilde-vicenzi-auf-der-ism-cologne-kommen-sie-uns-besuchen\/#breadcrumb\"},\"inLanguage\":\"en-US\",\"potentialAction\":[{\"@type\":\"ReadAction\",\"target\":[\"https:\/\/www.matildevicenzi.com\/de\/matilde-mag\/matilde-vicenzi-auf-der-ism-cologne-kommen-sie-uns-besuchen\/\"]}]},{\"@type\":\"ImageObject\",\"inLanguage\":\"en-US\",\"@id\":\"https:\/\/www.matildevicenzi.com\/de\/matilde-mag\/matilde-vicenzi-auf-der-ism-cologne-kommen-sie-uns-besuchen\/#primaryimage\",\"url\":\"https:\/\/www.matildevicenzi.com\/de\/wp-content\/uploads\/sites\/2\/2022\/01\/matildevicenzi.jpg\",\"contentUrl\":\"https:\/\/www.matildevicenzi.com\/de\/wp-content\/uploads\/sites\/2\/2022\/01\/matildevicenzi.jpg\",\"width\":700,\"height\":441},{\"@type\":\"BreadcrumbList\",\"@id\":\"https:\/\/www.matildevicenzi.com\/de\/matilde-mag\/matilde-vicenzi-auf-der-ism-cologne-kommen-sie-uns-besuchen\/#breadcrumb\",\"itemListElement\":[{\"@type\":\"ListItem\",\"position\":1,\"name\":\"Home\",\"item\":\"https:\/\/www.matildevicenzi.com\/de\/\"},{\"@type\":\"ListItem\",\"position\":2,\"name\":\"Matilde Mag\",\"item\":\"https:\/\/www.matildevicenzi.com\/de\/matilde-mag\/\"},{\"@type\":\"ListItem\",\"position\":3,\"name\":\"Matilde Vicenzi auf der ISM Cologne: Kommen Sie uns besuchen\"}]},{\"@type\":\"WebSite\",\"@id\":\"https:\/\/www.matildevicenzi.com\/de\/#website\",\"url\":\"https:\/\/www.matildevicenzi.com\/de\/\",\"name\":\"Matilde Vicenzi S.p.A.\",\"description\":\"Italienisches Feingeb\u00e4ckseit 1905\",\"publisher\":{\"@id\":\"https:\/\/www.matildevicenzi.com\/de\/#organization\"},\"potentialAction\":[{\"@type\":\"SearchAction\",\"target\":{\"@type\":\"EntryPoint\",\"urlTemplate\":\"https:\/\/www.matildevicenzi.com\/de\/?s={search_term_string}\"},\"query-input\":{\"@type\":\"PropertyValueSpecification\",\"valueRequired\":true,\"valueName\":\"search_term_string\"}}],\"inLanguage\":\"en-US\"},{\"@type\":\"Organization\",\"@id\":\"https:\/\/www.matildevicenzi.com\/de\/#organization\",\"name\":\"Matilde Vicenzi S.p.A.\",\"url\":\"https:\/\/www.matildevicenzi.com\/de\/\",\"logo\":{\"@type\":\"ImageObject\",\"inLanguage\":\"en-US\",\"@id\":\"https:\/\/www.matildevicenzi.com\/de\/#\/schema\/logo\/image\/\",\"url\":\"https:\/\/www.matildevicenzi.com\/de\/wp-content\/uploads\/sites\/2\/2023\/06\/matilde_logo_new.png\",\"contentUrl\":\"https:\/\/www.matildevicenzi.com\/de\/wp-content\/uploads\/sites\/2\/2023\/06\/matilde_logo_new.png\",\"width\":606,\"height\":606,\"caption\":\"Matilde Vicenzi S.p.A.\"},\"image\":{\"@id\":\"https:\/\/www.matildevicenzi.com\/de\/#\/schema\/logo\/image\/\"}}]}<\/script>\n<!-- \/ Yoast SEO plugin. -->","yoast_head_json":{"title":"Matilde Vicenzi auf der ISM Cologne: Kommen Sie uns besuchen | Matilde Vicenzi S.p.A.","robots":{"index":"index","follow":"follow","max-snippet":"max-snippet:-1","max-image-preview":"max-image-preview:large","max-video-preview":"max-video-preview:-1"},"canonical":"https:\/\/www.matildevicenzi.com\/de\/matilde-mag\/matilde-vicenzi-auf-der-ism-cologne-kommen-sie-uns-besuchen\/","og_locale":"en_US","og_type":"article","og_title":"Matilde Vicenzi auf der ISM Cologne: Kommen Sie uns besuchen | Matilde Vicenzi S.p.A.","og_description":"Es ist Messesaison!Die erste Veranstaltung im neuen Jahr ist die ISM, die weltweit gr\u00f6\u00dfte Messe f\u00fcr S\u00fc\u00dfwaren und Snacks in K\u00f6ln (Deutschland). Die ISM ist nicht nur eine einmalige Chance f\u00fcr den Ausbau beruflicher Netzwerke und die Intensivierung von Gesch\u00e4ftsbeziehungen, sondern bietet nach langer Zeit auch die erste Gelegenheit f\u00fcr pers\u00f6nliche Begegnungen. Die ISM deckt [&hellip;]","og_url":"https:\/\/www.matildevicenzi.com\/de\/matilde-mag\/matilde-vicenzi-auf-der-ism-cologne-kommen-sie-uns-besuchen\/","og_site_name":"Matilde Vicenzi S.p.A.","article_modified_time":"2022-01-24T15:30:25+00:00","og_image":[{"width":700,"height":441,"url":"https:\/\/www.matildevicenzi.com\/de\/wp-content\/uploads\/sites\/2\/2022\/01\/matildevicenzi.jpg","type":"image\/jpeg"}],"twitter_card":"summary_large_image","twitter_misc":{"Est. reading time":"1 minute"},"schema":{"@context":"https:\/\/schema.org","@graph":[{"@type":"WebPage","@id":"https:\/\/www.matildevicenzi.com\/de\/matilde-mag\/matilde-vicenzi-auf-der-ism-cologne-kommen-sie-uns-besuchen\/","url":"https:\/\/www.matildevicenzi.com\/de\/matilde-mag\/matilde-vicenzi-auf-der-ism-cologne-kommen-sie-uns-besuchen\/","name":"Matilde Vicenzi auf der ISM Cologne: Kommen Sie uns besuchen | Matilde Vicenzi S.p.A.","isPartOf":{"@id":"https:\/\/www.matildevicenzi.com\/de\/#website"},"primaryImageOfPage":{"@id":"https:\/\/www.matildevicenzi.com\/de\/matilde-mag\/matilde-vicenzi-auf-der-ism-cologne-kommen-sie-uns-besuchen\/#primaryimage"},"image":{"@id":"https:\/\/www.matildevicenzi.com\/de\/matilde-mag\/matilde-vicenzi-auf-der-ism-cologne-kommen-sie-uns-besuchen\/#primaryimage"},"thumbnailUrl":"https:\/\/www.matildevicenzi.com\/de\/wp-content\/uploads\/sites\/2\/2022\/01\/matildevicenzi.jpg","datePublished":"2022-01-24T15:30:23+00:00","dateModified":"2022-01-24T15:30:25+00:00","breadcrumb":{"@id":"https:\/\/www.matildevicenzi.com\/de\/matilde-mag\/matilde-vicenzi-auf-der-ism-cologne-kommen-sie-uns-besuchen\/#breadcrumb"},"inLanguage":"en-US","potentialAction":[{"@type":"ReadAction","target":["https:\/\/www.matildevicenzi.com\/de\/matilde-mag\/matilde-vicenzi-auf-der-ism-cologne-kommen-sie-uns-besuchen\/"]}]},{"@type":"ImageObject","inLanguage":"en-US","@id":"https:\/\/www.matildevicenzi.com\/de\/matilde-mag\/matilde-vicenzi-auf-der-ism-cologne-kommen-sie-uns-besuchen\/#primaryimage","url":"https:\/\/www.matildevicenzi.com\/de\/wp-content\/uploads\/sites\/2\/2022\/01\/matildevicenzi.jpg","contentUrl":"https:\/\/www.matildevicenzi.com\/de\/wp-content\/uploads\/sites\/2\/2022\/01\/matildevicenzi.jpg","width":700,"height":441},{"@type":"BreadcrumbList","@id":"https:\/\/www.matildevicenzi.com\/de\/matilde-mag\/matilde-vicenzi-auf-der-ism-cologne-kommen-sie-uns-besuchen\/#breadcrumb","itemListElement":[{"@type":"ListItem","position":1,"name":"Home","item":"https:\/\/www.matildevicenzi.com\/de\/"},{"@type":"ListItem","position":2,"name":"Matilde Mag","item":"https:\/\/www.matildevicenzi.com\/de\/matilde-mag\/"},{"@type":"ListItem","position":3,"name":"Matilde Vicenzi auf der ISM Cologne: Kommen Sie uns besuchen"}]},{"@type":"WebSite","@id":"https:\/\/www.matildevicenzi.com\/de\/#website","url":"https:\/\/www.matildevicenzi.com\/de\/","name":"Matilde Vicenzi S.p.A.","description":"Italienisches Feingeb\u00e4ckseit 1905","publisher":{"@id":"https:\/\/www.matildevicenzi.com\/de\/#organization"},"potentialAction":[{"@type":"SearchAction","target":{"@type":"EntryPoint","urlTemplate":"https:\/\/www.matildevicenzi.com\/de\/?s={search_term_string}"},"query-input":{"@type":"PropertyValueSpecification","valueRequired":true,"valueName":"search_term_string"}}],"inLanguage":"en-US"},{"@type":"Organization","@id":"https:\/\/www.matildevicenzi.com\/de\/#organization","name":"Matilde Vicenzi S.p.A.","url":"https:\/\/www.matildevicenzi.com\/de\/","logo":{"@type":"ImageObject","inLanguage":"en-US","@id":"https:\/\/www.matildevicenzi.com\/de\/#\/schema\/logo\/image\/","url":"https:\/\/www.matildevicenzi.com\/de\/wp-content\/uploads\/sites\/2\/2023\/06\/matilde_logo_new.png","contentUrl":"https:\/\/www.matildevicenzi.com\/de\/wp-content\/uploads\/sites\/2\/2023\/06\/matilde_logo_new.png","width":606,"height":606,"caption":"Matilde Vicenzi S.p.A."},"image":{"@id":"https:\/\/www.matildevicenzi.com\/de\/#\/schema\/logo\/image\/"}}]}},"_links":{"self":[{"href":"https:\/\/www.matildevicenzi.com\/de\/wp-json\/wp\/v2\/matilde-mag\/10020","targetHints":{"allow":["GET"]}}],"collection":[{"href":"https:\/\/www.matildevicenzi.com\/de\/wp-json\/wp\/v2\/matilde-mag"}],"about":[{"href":"https:\/\/www.matildevicenzi.com\/de\/wp-json\/wp\/v2\/types\/matilde-mag"}],"version-history":[{"count":1,"href":"https:\/\/www.matildevicenzi.com\/de\/wp-json\/wp\/v2\/matilde-mag\/10020\/revisions"}],"predecessor-version":[{"id":10022,"href":"https:\/\/www.matildevicenzi.com\/de\/wp-json\/wp\/v2\/matilde-mag\/10020\/revisions\/10022"}],"wp:featuredmedia":[{"embeddable":true,"href":"https:\/\/www.matildevicenzi.com\/de\/wp-json\/wp\/v2\/media\/10021"}],"wp:attachment":[{"href":"https:\/\/www.matildevicenzi.com\/de\/wp-json\/wp\/v2\/media?parent=10020"}],"wp:term":[{"taxonomy":"categoria_mag","embeddable":true,"href":"https:\/\/www.matildevicenzi.com\/de\/wp-json\/wp\/v2\/categoria_mag?post=10020"}],"curies":[{"name":"wp","href":"https:\/\/api.w.org\/{rel}","templated":true}]}}