{"id":41661,"date":"2025-03-26T11:38:11","date_gmt":"2025-03-26T10:38:11","guid":{"rendered":"https:\/\/www.matildevicenzi.com\/de\/?post_type=matilde-mag&#038;p=41661"},"modified":"2025-03-26T11:38:12","modified_gmt":"2025-03-26T10:38:12","slug":"abschied-lieber-prasident-giuseppe","status":"publish","type":"matilde-mag","link":"https:\/\/www.matildevicenzi.com\/de\/matilde-mag\/abschied-lieber-prasident-giuseppe\/","title":{"rendered":"Abschied, lieber Pr\u00e4sident Giuseppe"},"content":{"rendered":"\n<p>Wir k\u00fcndigen mit tiefer Trauer das Ableben unseres\u00a0<strong>Pr\u00e4sidenten, Giuseppe Vicenzi, im Alter von 92 Jahren<\/strong>\u00a0an und sprechen seiner Familie unser herzliches Beileid aus.<\/p>\n\n\n\n<p>Mit Vision und Entschlossenheit verwandelte er das Familiengeb\u00e4ckgesch\u00e4ft in eine\u00a0<strong>internationale Exzellenz<\/strong>, die auf den Werten von\u00a0<strong>Qualit\u00e4t, Innovation und F\u00fcrsorge f\u00fcr die Menschen<\/strong>\u00a0aufbaut.<br>Ein inspirierendes Beispiel f\u00fcr Unternehmertum, das auch weiterhin unsere Arbeit leiten wird.<\/p>\n\n\n\n<p>\u00dcber sein unternehmerisches Engagement hinaus hinterlie\u00df er einen\u00a0<strong>bleibenden Einfluss im Sport<\/strong>, indem er Scaligera Basket, das Basketballteam seiner Heimatstadt, f\u00fchrte,\u00a0<strong>und in der Kultur<\/strong>, indem er die Arena di Verona Stiftung \u00fcber 40 Jahre hinweg unterst\u00fctzte.<\/p>\n\n\n\n<p>Im Jahr 2021 ehrte ihn der Pr\u00e4sident der Italienischen Republik mit dem Titel\u00a0<strong>\"Cavaliere del Lavoro\"<\/strong>\u00a0und w\u00fcrdigte seinen au\u00dfergew\u00f6hnlichen Beitrag zum italienischen Unternehmertum.<br>Sein Traum und seine Hingabe werden im zuk\u00fcnftigen Wachstum der Vicenzi-Gruppe weiterleben.<\/p>\n","protected":false},"excerpt":{"rendered":"<p>Wir k\u00fcndigen mit tiefer Trauer das Ableben unseres\u00a0Pr\u00e4sidenten, Giuseppe Vicenzi, im Alter von 92 Jahren\u00a0an und sprechen seiner Familie unser herzliches Beileid aus. Mit Vision und Entschlossenheit verwandelte er das Familiengeb\u00e4ckgesch\u00e4ft in eine\u00a0internationale Exzellenz, die auf den Werten von\u00a0Qualit\u00e4t, Innovation und F\u00fcrsorge f\u00fcr die Menschen\u00a0aufbaut.Ein inspirierendes Beispiel f\u00fcr Unternehmertum, das auch weiterhin unsere Arbeit leiten [&hellip;]<\/p>\n","protected":false},"featured_media":41662,"template":"","meta":{"_acf_changed":false,"inline_featured_image":false,"footnotes":""},"categoria_mag":[8],"class_list":["post-41661","matilde-mag","type-matilde-mag","status-publish","has-post-thumbnail","hentry","categoria_mag-nachrichten-und-events"],"acf":[],"yoast_head":"<!-- This site is optimized with the Yoast SEO plugin v26.2 - https:\/\/yoast.com\/wordpress\/plugins\/seo\/ -->\n<title>Abschied, lieber Pr\u00e4sident Giuseppe | Matilde Vicenzi S.p.A.<\/title>\n<meta name=\"robots\" content=\"index, follow, max-snippet:-1, max-image-preview:large, max-video-preview:-1\" \/>\n<link rel=\"canonical\" href=\"https:\/\/www.matildevicenzi.com\/de\/matilde-mag\/abschied-lieber-prasident-giuseppe\/\" \/>\n<meta property=\"og:locale\" content=\"en_US\" \/>\n<meta property=\"og:type\" content=\"article\" \/>\n<meta property=\"og:title\" content=\"Abschied, lieber Pr\u00e4sident Giuseppe | Matilde Vicenzi S.p.A.\" \/>\n<meta property=\"og:description\" content=\"Wir k\u00fcndigen mit tiefer Trauer das Ableben unseres\u00a0Pr\u00e4sidenten, Giuseppe Vicenzi, im Alter von 92 Jahren\u00a0an und sprechen seiner Familie unser herzliches Beileid aus. Mit Vision und Entschlossenheit verwandelte er das Familiengeb\u00e4ckgesch\u00e4ft in eine\u00a0internationale Exzellenz, die auf den Werten von\u00a0Qualit\u00e4t, Innovation und F\u00fcrsorge f\u00fcr die Menschen\u00a0aufbaut.Ein inspirierendes Beispiel f\u00fcr Unternehmertum, das auch weiterhin unsere Arbeit leiten [&hellip;]\" \/>\n<meta property=\"og:url\" content=\"https:\/\/www.matildevicenzi.com\/de\/matilde-mag\/abschied-lieber-prasident-giuseppe\/\" \/>\n<meta property=\"og:site_name\" content=\"Matilde Vicenzi S.p.A.\" \/>\n<meta property=\"article:modified_time\" content=\"2025-03-26T10:38:12+00:00\" \/>\n<meta property=\"og:image\" content=\"https:\/\/www.matildevicenzi.com\/de\/wp-content\/uploads\/sites\/2\/2025\/03\/goodbye-giuseppe-vicenzi.jpg\" \/>\n\t<meta property=\"og:image:width\" content=\"768\" \/>\n\t<meta property=\"og:image:height\" content=\"514\" \/>\n\t<meta property=\"og:image:type\" content=\"image\/jpeg\" \/>\n<meta name=\"twitter:card\" content=\"summary_large_image\" \/>\n<meta name=\"twitter:label1\" content=\"Est. reading time\" \/>\n\t<meta name=\"twitter:data1\" content=\"1 minute\" \/>\n<script type=\"application\/ld+json\" class=\"yoast-schema-graph\">{\"@context\":\"https:\/\/schema.org\",\"@graph\":[{\"@type\":\"WebPage\",\"@id\":\"https:\/\/www.matildevicenzi.com\/de\/matilde-mag\/abschied-lieber-prasident-giuseppe\/\",\"url\":\"https:\/\/www.matildevicenzi.com\/de\/matilde-mag\/abschied-lieber-prasident-giuseppe\/\",\"name\":\"Abschied, lieber Pr\u00e4sident Giuseppe | Matilde Vicenzi S.p.A.\",\"isPartOf\":{\"@id\":\"https:\/\/www.matildevicenzi.com\/de\/#website\"},\"primaryImageOfPage\":{\"@id\":\"https:\/\/www.matildevicenzi.com\/de\/matilde-mag\/abschied-lieber-prasident-giuseppe\/#primaryimage\"},\"image\":{\"@id\":\"https:\/\/www.matildevicenzi.com\/de\/matilde-mag\/abschied-lieber-prasident-giuseppe\/#primaryimage\"},\"thumbnailUrl\":\"https:\/\/www.matildevicenzi.com\/de\/wp-content\/uploads\/sites\/2\/2025\/03\/goodbye-giuseppe-vicenzi.jpg\",\"datePublished\":\"2025-03-26T10:38:11+00:00\",\"dateModified\":\"2025-03-26T10:38:12+00:00\",\"breadcrumb\":{\"@id\":\"https:\/\/www.matildevicenzi.com\/de\/matilde-mag\/abschied-lieber-prasident-giuseppe\/#breadcrumb\"},\"inLanguage\":\"en-US\",\"potentialAction\":[{\"@type\":\"ReadAction\",\"target\":[\"https:\/\/www.matildevicenzi.com\/de\/matilde-mag\/abschied-lieber-prasident-giuseppe\/\"]}]},{\"@type\":\"ImageObject\",\"inLanguage\":\"en-US\",\"@id\":\"https:\/\/www.matildevicenzi.com\/de\/matilde-mag\/abschied-lieber-prasident-giuseppe\/#primaryimage\",\"url\":\"https:\/\/www.matildevicenzi.com\/de\/wp-content\/uploads\/sites\/2\/2025\/03\/goodbye-giuseppe-vicenzi.jpg\",\"contentUrl\":\"https:\/\/www.matildevicenzi.com\/de\/wp-content\/uploads\/sites\/2\/2025\/03\/goodbye-giuseppe-vicenzi.jpg\",\"width\":768,\"height\":514},{\"@type\":\"BreadcrumbList\",\"@id\":\"https:\/\/www.matildevicenzi.com\/de\/matilde-mag\/abschied-lieber-prasident-giuseppe\/#breadcrumb\",\"itemListElement\":[{\"@type\":\"ListItem\",\"position\":1,\"name\":\"Home\",\"item\":\"https:\/\/www.matildevicenzi.com\/de\/\"},{\"@type\":\"ListItem\",\"position\":2,\"name\":\"Matilde Mag\",\"item\":\"https:\/\/www.matildevicenzi.com\/de\/matilde-mag\/\"},{\"@type\":\"ListItem\",\"position\":3,\"name\":\"Abschied, lieber Pr\u00e4sident Giuseppe\"}]},{\"@type\":\"WebSite\",\"@id\":\"https:\/\/www.matildevicenzi.com\/de\/#website\",\"url\":\"https:\/\/www.matildevicenzi.com\/de\/\",\"name\":\"Matilde Vicenzi S.p.A.\",\"description\":\"Italienisches Feingeb\u00e4ckseit 1905\",\"publisher\":{\"@id\":\"https:\/\/www.matildevicenzi.com\/de\/#organization\"},\"potentialAction\":[{\"@type\":\"SearchAction\",\"target\":{\"@type\":\"EntryPoint\",\"urlTemplate\":\"https:\/\/www.matildevicenzi.com\/de\/?s={search_term_string}\"},\"query-input\":{\"@type\":\"PropertyValueSpecification\",\"valueRequired\":true,\"valueName\":\"search_term_string\"}}],\"inLanguage\":\"en-US\"},{\"@type\":\"Organization\",\"@id\":\"https:\/\/www.matildevicenzi.com\/de\/#organization\",\"name\":\"Matilde Vicenzi S.p.A.\",\"url\":\"https:\/\/www.matildevicenzi.com\/de\/\",\"logo\":{\"@type\":\"ImageObject\",\"inLanguage\":\"en-US\",\"@id\":\"https:\/\/www.matildevicenzi.com\/de\/#\/schema\/logo\/image\/\",\"url\":\"https:\/\/www.matildevicenzi.com\/de\/wp-content\/uploads\/sites\/2\/2023\/06\/matilde_logo_new.png\",\"contentUrl\":\"https:\/\/www.matildevicenzi.com\/de\/wp-content\/uploads\/sites\/2\/2023\/06\/matilde_logo_new.png\",\"width\":606,\"height\":606,\"caption\":\"Matilde Vicenzi S.p.A.\"},\"image\":{\"@id\":\"https:\/\/www.matildevicenzi.com\/de\/#\/schema\/logo\/image\/\"}}]}<\/script>\n<!-- \/ Yoast SEO plugin. -->","yoast_head_json":{"title":"Abschied, lieber Pr\u00e4sident Giuseppe | Matilde Vicenzi S.p.A.","robots":{"index":"index","follow":"follow","max-snippet":"max-snippet:-1","max-image-preview":"max-image-preview:large","max-video-preview":"max-video-preview:-1"},"canonical":"https:\/\/www.matildevicenzi.com\/de\/matilde-mag\/abschied-lieber-prasident-giuseppe\/","og_locale":"en_US","og_type":"article","og_title":"Abschied, lieber Pr\u00e4sident Giuseppe | Matilde Vicenzi S.p.A.","og_description":"Wir k\u00fcndigen mit tiefer Trauer das Ableben unseres\u00a0Pr\u00e4sidenten, Giuseppe Vicenzi, im Alter von 92 Jahren\u00a0an und sprechen seiner Familie unser herzliches Beileid aus. Mit Vision und Entschlossenheit verwandelte er das Familiengeb\u00e4ckgesch\u00e4ft in eine\u00a0internationale Exzellenz, die auf den Werten von\u00a0Qualit\u00e4t, Innovation und F\u00fcrsorge f\u00fcr die Menschen\u00a0aufbaut.Ein inspirierendes Beispiel f\u00fcr Unternehmertum, das auch weiterhin unsere Arbeit leiten [&hellip;]","og_url":"https:\/\/www.matildevicenzi.com\/de\/matilde-mag\/abschied-lieber-prasident-giuseppe\/","og_site_name":"Matilde Vicenzi S.p.A.","article_modified_time":"2025-03-26T10:38:12+00:00","og_image":[{"width":768,"height":514,"url":"https:\/\/www.matildevicenzi.com\/de\/wp-content\/uploads\/sites\/2\/2025\/03\/goodbye-giuseppe-vicenzi.jpg","type":"image\/jpeg"}],"twitter_card":"summary_large_image","twitter_misc":{"Est. reading time":"1 minute"},"schema":{"@context":"https:\/\/schema.org","@graph":[{"@type":"WebPage","@id":"https:\/\/www.matildevicenzi.com\/de\/matilde-mag\/abschied-lieber-prasident-giuseppe\/","url":"https:\/\/www.matildevicenzi.com\/de\/matilde-mag\/abschied-lieber-prasident-giuseppe\/","name":"Abschied, lieber Pr\u00e4sident Giuseppe | Matilde Vicenzi S.p.A.","isPartOf":{"@id":"https:\/\/www.matildevicenzi.com\/de\/#website"},"primaryImageOfPage":{"@id":"https:\/\/www.matildevicenzi.com\/de\/matilde-mag\/abschied-lieber-prasident-giuseppe\/#primaryimage"},"image":{"@id":"https:\/\/www.matildevicenzi.com\/de\/matilde-mag\/abschied-lieber-prasident-giuseppe\/#primaryimage"},"thumbnailUrl":"https:\/\/www.matildevicenzi.com\/de\/wp-content\/uploads\/sites\/2\/2025\/03\/goodbye-giuseppe-vicenzi.jpg","datePublished":"2025-03-26T10:38:11+00:00","dateModified":"2025-03-26T10:38:12+00:00","breadcrumb":{"@id":"https:\/\/www.matildevicenzi.com\/de\/matilde-mag\/abschied-lieber-prasident-giuseppe\/#breadcrumb"},"inLanguage":"en-US","potentialAction":[{"@type":"ReadAction","target":["https:\/\/www.matildevicenzi.com\/de\/matilde-mag\/abschied-lieber-prasident-giuseppe\/"]}]},{"@type":"ImageObject","inLanguage":"en-US","@id":"https:\/\/www.matildevicenzi.com\/de\/matilde-mag\/abschied-lieber-prasident-giuseppe\/#primaryimage","url":"https:\/\/www.matildevicenzi.com\/de\/wp-content\/uploads\/sites\/2\/2025\/03\/goodbye-giuseppe-vicenzi.jpg","contentUrl":"https:\/\/www.matildevicenzi.com\/de\/wp-content\/uploads\/sites\/2\/2025\/03\/goodbye-giuseppe-vicenzi.jpg","width":768,"height":514},{"@type":"BreadcrumbList","@id":"https:\/\/www.matildevicenzi.com\/de\/matilde-mag\/abschied-lieber-prasident-giuseppe\/#breadcrumb","itemListElement":[{"@type":"ListItem","position":1,"name":"Home","item":"https:\/\/www.matildevicenzi.com\/de\/"},{"@type":"ListItem","position":2,"name":"Matilde Mag","item":"https:\/\/www.matildevicenzi.com\/de\/matilde-mag\/"},{"@type":"ListItem","position":3,"name":"Abschied, lieber Pr\u00e4sident Giuseppe"}]},{"@type":"WebSite","@id":"https:\/\/www.matildevicenzi.com\/de\/#website","url":"https:\/\/www.matildevicenzi.com\/de\/","name":"Matilde Vicenzi S.p.A.","description":"Italienisches Feingeb\u00e4ckseit 1905","publisher":{"@id":"https:\/\/www.matildevicenzi.com\/de\/#organization"},"potentialAction":[{"@type":"SearchAction","target":{"@type":"EntryPoint","urlTemplate":"https:\/\/www.matildevicenzi.com\/de\/?s={search_term_string}"},"query-input":{"@type":"PropertyValueSpecification","valueRequired":true,"valueName":"search_term_string"}}],"inLanguage":"en-US"},{"@type":"Organization","@id":"https:\/\/www.matildevicenzi.com\/de\/#organization","name":"Matilde Vicenzi S.p.A.","url":"https:\/\/www.matildevicenzi.com\/de\/","logo":{"@type":"ImageObject","inLanguage":"en-US","@id":"https:\/\/www.matildevicenzi.com\/de\/#\/schema\/logo\/image\/","url":"https:\/\/www.matildevicenzi.com\/de\/wp-content\/uploads\/sites\/2\/2023\/06\/matilde_logo_new.png","contentUrl":"https:\/\/www.matildevicenzi.com\/de\/wp-content\/uploads\/sites\/2\/2023\/06\/matilde_logo_new.png","width":606,"height":606,"caption":"Matilde Vicenzi S.p.A."},"image":{"@id":"https:\/\/www.matildevicenzi.com\/de\/#\/schema\/logo\/image\/"}}]}},"_links":{"self":[{"href":"https:\/\/www.matildevicenzi.com\/de\/wp-json\/wp\/v2\/matilde-mag\/41661","targetHints":{"allow":["GET"]}}],"collection":[{"href":"https:\/\/www.matildevicenzi.com\/de\/wp-json\/wp\/v2\/matilde-mag"}],"about":[{"href":"https:\/\/www.matildevicenzi.com\/de\/wp-json\/wp\/v2\/types\/matilde-mag"}],"version-history":[{"count":1,"href":"https:\/\/www.matildevicenzi.com\/de\/wp-json\/wp\/v2\/matilde-mag\/41661\/revisions"}],"predecessor-version":[{"id":41663,"href":"https:\/\/www.matildevicenzi.com\/de\/wp-json\/wp\/v2\/matilde-mag\/41661\/revisions\/41663"}],"wp:featuredmedia":[{"embeddable":true,"href":"https:\/\/www.matildevicenzi.com\/de\/wp-json\/wp\/v2\/media\/41662"}],"wp:attachment":[{"href":"https:\/\/www.matildevicenzi.com\/de\/wp-json\/wp\/v2\/media?parent=41661"}],"wp:term":[{"taxonomy":"categoria_mag","embeddable":true,"href":"https:\/\/www.matildevicenzi.com\/de\/wp-json\/wp\/v2\/categoria_mag?post=41661"}],"curies":[{"name":"wp","href":"https:\/\/api.w.org\/{rel}","templated":true}]}}